{"id":1289,"date":"2026-05-14T10:32:09","date_gmt":"2026-05-14T10:32:09","guid":{"rendered":"https:\/\/museovietri.it\/?page_id=1289"},"modified":"2026-05-27T11:59:44","modified_gmt":"2026-05-27T11:59:44","slug":"sala-degli-affreschi","status":"publish","type":"page","link":"https:\/\/museovietri.it\/?page_id=1289","title":{"rendered":"Sala degli affreschi"},"content":{"rendered":"<p class=\"attachment\"><a href='https:\/\/museovietri.it\/wp-content\/uploads\/2026\/05\/VieOCitri-di-Pz-Ex-Orat.S.Giov_.-E-55221-sett.-87-prima-rest.-nctn-00133279.webp'><img fetchpriority=\"high\" decoding=\"async\" width=\"300\" height=\"296\" src=\"https:\/\/museovietri.it\/wp-content\/uploads\/2026\/05\/VieOCitri-di-Pz-Ex-Orat.S.Giov_.-E-55221-sett.-87-prima-rest.-nctn-00133279-300x296.webp\" class=\"attachment-medium size-medium\" alt=\"\" srcset=\"https:\/\/museovietri.it\/wp-content\/uploads\/2026\/05\/VieOCitri-di-Pz-Ex-Orat.S.Giov_.-E-55221-sett.-87-prima-rest.-nctn-00133279-300x296.webp 300w, https:\/\/museovietri.it\/wp-content\/uploads\/2026\/05\/VieOCitri-di-Pz-Ex-Orat.S.Giov_.-E-55221-sett.-87-prima-rest.-nctn-00133279-768x757.webp 768w, https:\/\/museovietri.it\/wp-content\/uploads\/2026\/05\/VieOCitri-di-Pz-Ex-Orat.S.Giov_.-E-55221-sett.-87-prima-rest.-nctn-00133279.webp 950w\" sizes=\"(max-width: 300px) 100vw, 300px\" \/><\/a><\/p>\n\t\t<div data-elementor-type=\"wp-page\" data-elementor-id=\"1289\" class=\"elementor elementor-1289\">\n\t\t\t\t\t\t<section class=\"elementor-section elementor-top-section elementor-element elementor-element-6f65562 elementor-section-height-min-height elementor-section-boxed elementor-section-height-default elementor-section-items-middle wpr-particle-no wpr-jarallax-no wpr-parallax-no wpr-sticky-section-no wpr-column-slider-no wpr-equal-height-no\" data-id=\"6f65562\" data-element_type=\"section\" data-e-type=\"section\" data-settings=\"{&quot;background_background&quot;:&quot;classic&quot;,&quot;shape_divider_bottom&quot;:&quot;opacity-tilt&quot;}\">\n\t\t\t\t\t\t\t<div class=\"elementor-background-overlay\"><\/div>\n\t\t\t\t\t\t<div class=\"elementor-shape elementor-shape-bottom\" aria-hidden=\"true\" data-negative=\"false\">\n\t\t\t<svg xmlns=\"http:\/\/www.w3.org\/2000\/svg\" viewBox=\"0 0 2600 131.1\" preserveAspectRatio=\"none\">\n\t<path class=\"elementor-shape-fill\" d=\"M0 0L2600 0 2600 69.1 0 0z\"\/>\n\t<path class=\"elementor-shape-fill\" style=\"opacity:0.5\" d=\"M0 0L2600 0 2600 69.1 0 69.1z\"\/>\n\t<path class=\"elementor-shape-fill\" style=\"opacity:0.25\" d=\"M2600 0L0 0 0 130.1 2600 69.1z\"\/>\n<\/svg>\t\t<\/div>\n\t\t\t\t\t<div class=\"elementor-container elementor-column-gap-default\">\n\t\t\t\t\t<div class=\"elementor-column elementor-col-100 elementor-top-column elementor-element elementor-element-043b924\" data-id=\"043b924\" data-element_type=\"column\" data-e-type=\"column\">\n\t\t\t<div class=\"elementor-widget-wrap elementor-element-populated\">\n\t\t\t\t\t\t<div class=\"elementor-element elementor-element-a78defa elementor-widget elementor-widget-heading\" data-id=\"a78defa\" data-element_type=\"widget\" data-e-type=\"widget\" data-widget_type=\"heading.default\">\n\t\t\t\t\t<h2 class=\"elementor-heading-title elementor-size-default\">Sala degli Affreschi<\/h2>\t\t\t\t<\/div>\n\t\t\t\t<div class=\"elementor-element elementor-element-d72820d elementor-widget-divider--view-line elementor-widget elementor-widget-divider\" data-id=\"d72820d\" data-element_type=\"widget\" data-e-type=\"widget\" data-widget_type=\"divider.default\">\n\t\t\t\t\t\t\t<div class=\"elementor-divider\">\n\t\t\t<span class=\"elementor-divider-separator\">\n\t\t\t\t\t\t<\/span>\n\t\t<\/div>\n\t\t\t\t\t\t<\/div>\n\t\t\t\t\t<\/div>\n\t\t<\/div>\n\t\t\t\t\t<\/div>\n\t\t<\/section>\n\t\t\t\t<section class=\"elementor-section elementor-top-section elementor-element elementor-element-9b55242 elementor-section-boxed elementor-section-height-default elementor-section-height-default wpr-particle-no wpr-jarallax-no wpr-parallax-no wpr-sticky-section-no wpr-column-slider-no wpr-equal-height-no\" data-id=\"9b55242\" data-element_type=\"section\" data-e-type=\"section\">\n\t\t\t\t\t\t<div class=\"elementor-container elementor-column-gap-default\">\n\t\t\t\t\t<div class=\"elementor-column elementor-col-33 elementor-top-column elementor-element elementor-element-1aebef8\" data-id=\"1aebef8\" data-element_type=\"column\" data-e-type=\"column\">\n\t\t\t<div class=\"elementor-widget-wrap elementor-element-populated\">\n\t\t\t\t\t\t<div class=\"elementor-element elementor-element-9bedfb6 elementor-widget elementor-widget-heading\" data-id=\"9bedfb6\" data-element_type=\"widget\" data-e-type=\"widget\" data-widget_type=\"heading.default\">\n\t\t\t\t\t<h2 class=\"elementor-heading-title elementor-size-default\">SALA DEGLI AFFRESCHI<\/h2>\t\t\t\t<\/div>\n\t\t\t\t\t<\/div>\n\t\t<\/div>\n\t\t\t\t<div class=\"elementor-column elementor-col-33 elementor-top-column elementor-element elementor-element-a775760\" data-id=\"a775760\" data-element_type=\"column\" data-e-type=\"column\">\n\t\t\t<div class=\"elementor-widget-wrap elementor-element-populated\">\n\t\t\t\t\t\t<div class=\"elementor-element elementor-element-49e6706 elementor-widget elementor-widget-text-editor\" data-id=\"49e6706\" data-element_type=\"widget\" data-e-type=\"widget\" data-widget_type=\"text-editor.default\">\n\t\t\t\t\t\t\t\t\t<p>La Sala degli Affreschi custodisce una delle testimonianze pi\u00f9 preziose della storia artistica e religiosa di Vietri di Potenza. Le pitture murali, databili tra l\u2019XI e il XII secolo, raccontano la devozione, la cultura figurativa e la spiritualit\u00e0 del territorio in epoca medievale.<\/p>\t\t\t\t\t\t\t\t<\/div>\n\t\t\t\t\t<\/div>\n\t\t<\/div>\n\t\t\t\t<div class=\"elementor-column elementor-col-33 elementor-top-column elementor-element elementor-element-1fd7395\" data-id=\"1fd7395\" data-element_type=\"column\" data-e-type=\"column\">\n\t\t\t<div class=\"elementor-widget-wrap elementor-element-populated\">\n\t\t\t\t\t\t<div class=\"elementor-element elementor-element-ba4d7a0 elementor-widget elementor-widget-text-editor\" data-id=\"ba4d7a0\" data-element_type=\"widget\" data-e-type=\"widget\" data-widget_type=\"text-editor.default\">\n\t\t\t\t\t\t\t\t\tAttraverso volti, colori e frammenti pittorici, il visitatore entra in contatto con un patrimonio raro e delicato, capace di restituire la memoria di luoghi sacri, comunit\u00e0 e tradizioni che hanno attraversato i secoli.<\/strong><\/p>\n<p data-start=\"610\" data-end=\"629\"><\/p>\t\t\t\t\t\t\t\t<\/div>\n\t\t\t\t\t<\/div>\n\t\t<\/div>\n\t\t\t\t\t<\/div>\n\t\t<\/section>\n\t\t\t\t<section class=\"elementor-section elementor-top-section elementor-element elementor-element-aa1905f elementor-section-boxed elementor-section-height-default elementor-section-height-default wpr-particle-no wpr-jarallax-no wpr-parallax-no wpr-sticky-section-no wpr-column-slider-no wpr-equal-height-no\" data-id=\"aa1905f\" data-element_type=\"section\" data-e-type=\"section\">\n\t\t\t\t\t\t<div class=\"elementor-container elementor-column-gap-default\">\n\t\t\t\t\t<div class=\"elementor-column elementor-col-50 elementor-top-column elementor-element elementor-element-f6db414\" data-id=\"f6db414\" data-element_type=\"column\" data-e-type=\"column\">\n\t\t\t<div class=\"elementor-widget-wrap elementor-element-populated\">\n\t\t\t\t\t\t<div class=\"elementor-element elementor-element-9cdf49f elementor-widget elementor-widget-image\" data-id=\"9cdf49f\" data-element_type=\"widget\" data-e-type=\"widget\" data-widget_type=\"image.default\">\n\t\t\t\t\t\t\t\t\t\t\t\t\t\t\t<img decoding=\"async\" width=\"692\" height=\"1000\" src=\"https:\/\/museovietri.it\/wp-content\/uploads\/2026\/05\/4.webp\" class=\"attachment-large size-large wp-image-1125\" alt=\"\" srcset=\"https:\/\/museovietri.it\/wp-content\/uploads\/2026\/05\/4.webp 692w, https:\/\/museovietri.it\/wp-content\/uploads\/2026\/05\/4-208x300.webp 208w\" sizes=\"(max-width: 692px) 100vw, 692px\" \/>\t\t\t\t\t\t\t\t\t\t\t\t\t\t\t<\/div>\n\t\t\t\t\t<\/div>\n\t\t<\/div>\n\t\t\t\t<div class=\"elementor-column elementor-col-50 elementor-top-column elementor-element elementor-element-d35ccda\" data-id=\"d35ccda\" data-element_type=\"column\" data-e-type=\"column\">\n\t\t\t<div class=\"elementor-widget-wrap elementor-element-populated\">\n\t\t\t\t\t\t<div class=\"elementor-element elementor-element-88b9c40 elementor-widget elementor-widget-heading\" data-id=\"88b9c40\" data-element_type=\"widget\" data-e-type=\"widget\" data-widget_type=\"heading.default\">\n\t\t\t\t\t<h2 class=\"elementor-heading-title elementor-size-default\">Le Opere<\/h2>\t\t\t\t<\/div>\n\t\t\t\t<div class=\"elementor-element elementor-element-187982a elementor-widget-divider--view-line elementor-widget elementor-widget-divider\" data-id=\"187982a\" data-element_type=\"widget\" data-e-type=\"widget\" data-widget_type=\"divider.default\">\n\t\t\t\t\t\t\t<div class=\"elementor-divider\">\n\t\t\t<span class=\"elementor-divider-separator\">\n\t\t\t\t\t\t<\/span>\n\t\t<\/div>\n\t\t\t\t\t\t<\/div>\n\t\t\t\t<div class=\"elementor-element elementor-element-9e3d9c9 elementor-widget elementor-widget-text-editor\" data-id=\"9e3d9c9\" data-element_type=\"widget\" data-e-type=\"widget\" data-widget_type=\"text-editor.default\">\n\t\t\t\t\t\t\t\t\t<p data-start=\"467\" data-end=\"713\">La Sala degli Affreschi racconta una delle testimonianze pi\u00f9 preziose della storia artistica e religiosa di Vietri di Potenza: gli affreschi provenienti dall\u2019antica chiesa di\u00a0<strong data-start=\"642\" data-end=\"658\">San Giovanni<\/strong>, un tempo situata nel centro storico e oggi in rovina.<\/p><p data-start=\"715\" data-end=\"1091\">In origine, queste pitture decoravano\u00a0<strong data-start=\"753\" data-end=\"799\">due absidi laterali della parete orientale<\/strong>\u00a0e una\u00a0<strong data-start=\"806\" data-end=\"842\">nicchia della parete meridionale<\/strong>. Gran parte della decorazione \u00e8 andata perduta nel tempo, ma i frammenti superstiti conservano ancora una straordinaria forza espressiva e permettono di leggere una pagina importante della Basilicata medievale.<\/p><p data-start=\"1093\" data-end=\"1558\">Gli affreschi appartengono a un contesto artistico legato alla tradizione\u00a0<strong data-start=\"1167\" data-end=\"1215\">italo-greca, bizantina e campano-beneventana<\/strong>, sviluppatasi tra Benevento, Montecassino e il Mezzogiorno altomedievale. Le figure sacre, i gesti di benedizione, le iscrizioni greche, i volti allungati e gli sguardi fissi raccontano un mondo spirituale in cui l\u2019immagine non aveva solo funzione decorativa, ma diventava presenza, racconto e devozione.<\/p><p data-start=\"1560\" data-end=\"2007\">La sala accompagna il visitatore alla scoperta dei frammenti principali:\u00a0<strong data-start=\"1633\" data-end=\"1647\">San Pietro<\/strong>, la\u00a0<strong data-start=\"1652\" data-end=\"1671\">Majestas Domini<\/strong>,\u00a0<strong data-start=\"1673\" data-end=\"1689\">San Giovanni<\/strong>\u00a0e il\u00a0<strong data-start=\"1695\" data-end=\"1712\">Santo Martire<\/strong>. Ogni opera conserva dettagli significativi: il gesto benedicente, il rotolo della parola sacra, il pallio rosso degli apostoli, la croce del martire, le tracce di iscrizioni greche e gli elementi decorativi che rimandano alla cultura figurativa medievale.<\/p><p data-start=\"2009\" data-end=\"2443\">Attraverso gli Affreschi si pu\u00f2 osservare da vicino ci\u00f2 che resta di un antico ciclo pittorico e di comprendere il legame tra arte, fede, territorio e vie di comunicazione. Vietri, infatti, si trovava in una posizione strategica, lungo una rete di percorsi che collegavano villaggi, monasteri e citt\u00e0 della Basilicata medievale<\/p>\t\t\t\t\t\t\t\t<\/div>\n\t\t\t\t<div class=\"elementor-element elementor-element-50903d9 elementor-icon-list--layout-traditional elementor-list-item-link-full_width elementor-widget elementor-widget-icon-list\" data-id=\"50903d9\" data-element_type=\"widget\" data-e-type=\"widget\" data-widget_type=\"icon-list.default\">\n\t\t\t\t\t\t\t<ul class=\"elementor-icon-list-items\">\n\t\t\t\t\t\t\t<li class=\"elementor-icon-list-item\">\n\t\t\t\t\t\t\t\t\t\t\t<span class=\"elementor-icon-list-icon\">\n\t\t\t\t\t\t\t<svg aria-hidden=\"true\" class=\"e-font-icon-svg e-fas-check\" viewBox=\"0 0 512 512\" xmlns=\"http:\/\/www.w3.org\/2000\/svg\"><path d=\"M173.898 439.404l-166.4-166.4c-9.997-9.997-9.997-26.206 0-36.204l36.203-36.204c9.997-9.998 26.207-9.998 36.204 0L192 312.69 432.095 72.596c9.997-9.997 26.207-9.997 36.204 0l36.203 36.204c9.997 9.997 9.997 26.206 0 36.204l-294.4 294.401c-9.998 9.997-26.207 9.997-36.204-.001z\"><\/path><\/svg>\t\t\t\t\t\t<\/span>\n\t\t\t\t\t\t\t\t\t\t<span class=\"elementor-icon-list-text\">Immagini del restauro<\/span>\n\t\t\t\t\t\t\t\t\t<\/li>\n\t\t\t\t\t\t\t\t<li class=\"elementor-icon-list-item\">\n\t\t\t\t\t\t\t\t\t\t\t<span class=\"elementor-icon-list-icon\">\n\t\t\t\t\t\t\t<svg aria-hidden=\"true\" class=\"e-font-icon-svg e-fas-check\" viewBox=\"0 0 512 512\" xmlns=\"http:\/\/www.w3.org\/2000\/svg\"><path d=\"M173.898 439.404l-166.4-166.4c-9.997-9.997-9.997-26.206 0-36.204l36.203-36.204c9.997-9.998 26.207-9.998 36.204 0L192 312.69 432.095 72.596c9.997-9.997 26.207-9.997 36.204 0l36.203 36.204c9.997 9.997 9.997 26.206 0 36.204l-294.4 294.401c-9.998 9.997-26.207 9.997-36.204-.001z\"><\/path><\/svg>\t\t\t\t\t\t<\/span>\n\t\t\t\t\t\t\t\t\t\t<span class=\"elementor-icon-list-text\">Approfondimenti storici<\/span>\n\t\t\t\t\t\t\t\t\t<\/li>\n\t\t\t\t\t\t\t\t<li class=\"elementor-icon-list-item\">\n\t\t\t\t\t\t\t\t\t\t\t<span class=\"elementor-icon-list-icon\">\n\t\t\t\t\t\t\t<svg aria-hidden=\"true\" class=\"e-font-icon-svg e-fas-check\" viewBox=\"0 0 512 512\" xmlns=\"http:\/\/www.w3.org\/2000\/svg\"><path d=\"M173.898 439.404l-166.4-166.4c-9.997-9.997-9.997-26.206 0-36.204l36.203-36.204c9.997-9.998 26.207-9.998 36.204 0L192 312.69 432.095 72.596c9.997-9.997 26.207-9.997 36.204 0l36.203 36.204c9.997 9.997 9.997 26.206 0 36.204l-294.4 294.401c-9.998 9.997-26.207 9.997-36.204-.001z\"><\/path><\/svg>\t\t\t\t\t\t<\/span>\n\t\t\t\t\t\t\t\t\t\t<span class=\"elementor-icon-list-text\">Materiali didattici<\/span>\n\t\t\t\t\t\t\t\t\t<\/li>\n\t\t\t\t\t\t<\/ul>\n\t\t\t\t\t\t<\/div>\n\t\t\t\t\t<\/div>\n\t\t<\/div>\n\t\t\t\t\t<\/div>\n\t\t<\/section>\n\t\t<div class=\"elementor-element elementor-element-66d2fcd3 e-flex e-con-boxed wpr-particle-no wpr-jarallax-no wpr-parallax-no wpr-sticky-section-no wpr-column-slider-no wpr-equal-height-no e-con e-parent\" data-id=\"66d2fcd3\" data-element_type=\"container\" data-e-type=\"container\">\n\t\t\t\t\t<div class=\"e-con-inner\">\n\t\t\t\t<div class=\"elementor-element elementor-element-6faacc4d wpr-grid-columns-4 wpr-grid-columns--tablet3 wpr-grid-columns--mobile1 wpr-grid-pagination-center elementor-widget elementor-widget-wpr-media-grid\" data-id=\"6faacc4d\" data-element_type=\"widget\" data-e-type=\"widget\" data-widget_type=\"wpr-media-grid.default\">\n\t\t\t\t\t<section class=\"wpr-grid wpr-media-grid elementor-clearfix\" data-settings=\"{&quot;layout&quot;:&quot;fitRows&quot;,&quot;columns_desktop&quot;:4,&quot;gutter_hr&quot;:10,&quot;gutter_hr_mobile&quot;:10,&quot;gutter_hr_mobile_extra&quot;:10,&quot;gutter_hr_tablet&quot;:10,&quot;gutter_hr_tablet_extra&quot;:10,&quot;gutter_hr_laptop&quot;:10,&quot;gutter_hr_widescreen&quot;:10,&quot;gutter_vr&quot;:10,&quot;gutter_vr_mobile&quot;:10,&quot;gutter_vr_mobile_extra&quot;:10,&quot;gutter_vr_tablet&quot;:10,&quot;gutter_vr_tablet_extra&quot;:10,&quot;gutter_vr_laptop&quot;:10,&quot;gutter_vr_widescreen&quot;:10,&quot;animation&quot;:&quot;default&quot;,&quot;animation_duration&quot;:0.299999999999999988897769753748434595763683319091796875,&quot;animation_delay&quot;:0.1000000000000000055511151231257827021181583404541015625,&quot;deeplinking&quot;:&quot;&quot;,&quot;filters_default_filter&quot;:&quot;&quot;,&quot;filters_linkable&quot;:&quot;no&quot;,&quot;filters_count&quot;:&quot;&quot;,&quot;filters_hide_empty&quot;:&quot;no&quot;,&quot;filters_animation&quot;:&quot;default&quot;,&quot;filters_animation_duration&quot;:0.299999999999999988897769753748434595763683319091796875,&quot;filters_animation_delay&quot;:0.1000000000000000055511151231257827021181583404541015625,&quot;pagination_type&quot;:&quot;load-more&quot;,&quot;pagination_max_pages&quot;:1,&quot;lightbox&quot;:{&quot;selector&quot;:&quot;.wpr-grid-image-wrap&quot;,&quot;iframeMaxWidth&quot;:&quot;60%&quot;,&quot;hash&quot;:false,&quot;autoplay&quot;:&quot;true&quot;,&quot;pause&quot;:5000,&quot;progressBar&quot;:&quot;true&quot;,&quot;counter&quot;:&quot;true&quot;,&quot;controls&quot;:&quot;true&quot;,&quot;getCaptionFromTitleOrAlt&quot;:&quot;true&quot;,&quot;thumbnail&quot;:&quot;&quot;,&quot;showThumbByDefault&quot;:&quot;&quot;,&quot;share&quot;:&quot;&quot;,&quot;zoom&quot;:&quot;true&quot;,&quot;fullScreen&quot;:&quot;true&quot;,&quot;download&quot;:&quot;true&quot;}}\"><article class=\"wpr-grid-item elementor-clearfix post-1350 attachment type-attachment status-inherit hentry\"><div class=\"wpr-grid-item-inner\"><div class=\"wpr-grid-media-wrap wpr-effect-size-small \"><div class=\"wpr-grid-image-wrap\" data-src=\"https:\/\/museovietri.it\/wp-content\/uploads\/2026\/05\/VieOCitri-di-Pz-Ex-Orat.S.Giov_.-E-1039-maggio-72.webp\"><img decoding=\"async\" src=\"https:\/\/museovietri.it\/wp-content\/uploads\/elementor\/thumbs\/VieOCitri-di-Pz-Ex-Orat.S.Giov_.-E-1039-maggio-72-ro0o4013wep3rl5299tn53c9yx3sqfwgnlr3t0dzew.webp\" alt=\"Vie\u00d4\u00c7\u00ectri di Pz Ex Orat.S.Giov. E 1039 maggio &#8217;72\" class=\"wpr-anim-timing-ease-default\"><\/div><div class=\"wpr-grid-media-hover wpr-animation-wrap\"><div class=\"wpr-grid-media-hover-bg  wpr-overlay-fade-in wpr-anim-size-large wpr-anim-timing-ease-default wpr-anim-transparency\" data-url=\"https:\/\/museovietri.it\/?attachment_id=1350\"><\/div><div class=\"wpr-cv-container\"><div class=\"wpr-cv-outer\"><div class=\"wpr-cv-inner\"><div class=\"wpr-grid-media-hover-middle elementor-clearfix\"><div class=\"wpr-grid-item-lightbox elementor-repeater-item-f800e4b wpr-grid-item-display-block wpr-grid-item-align-center wpr-element-fade-in wpr-anim-size-large wpr-anim-timing-ease-default wpr-anim-transparency\"><div class=\"inner-block\"><span data-src=\"https:\/\/museovietri.it\/wp-content\/uploads\/2026\/05\/VieOCitri-di-Pz-Ex-Orat.S.Giov_.-E-1039-maggio-72.webp\"><i class=\"fas fa-search\"><\/i><\/span><div class=\"wpr-grid-lightbox-overlay\"><\/div><\/div><\/div><\/div><\/div><\/div><\/div><\/div><\/div><\/div><\/article><article class=\"wpr-grid-item elementor-clearfix post-1351 attachment type-attachment status-inherit hentry\"><div class=\"wpr-grid-item-inner\"><div class=\"wpr-grid-media-wrap wpr-effect-size-small \"><div class=\"wpr-grid-image-wrap\" data-src=\"https:\/\/museovietri.it\/wp-content\/uploads\/2026\/05\/VieOCitri-di-Pz-Ex-Orat.S.Giov_.-E-1042-maggio-72.webp\"><img decoding=\"async\" src=\"https:\/\/museovietri.it\/wp-content\/uploads\/elementor\/thumbs\/VieOCitri-di-Pz-Ex-Orat.S.Giov_.-E-1042-maggio-72-ro0o41wsa2roet2byamwa2v75ouj5u3xbv22rkb72g.webp\" alt=\"Vie\u00d4\u00c7\u00ectri di Pz Ex Orat.S.Giov. E 1042 maggio &#8217;72\" class=\"wpr-anim-timing-ease-default\"><\/div><div class=\"wpr-grid-media-hover wpr-animation-wrap\"><div class=\"wpr-grid-media-hover-bg  wpr-overlay-fade-in wpr-anim-size-large wpr-anim-timing-ease-default wpr-anim-transparency\" data-url=\"https:\/\/museovietri.it\/?attachment_id=1351\"><\/div><div class=\"wpr-cv-container\"><div class=\"wpr-cv-outer\"><div class=\"wpr-cv-inner\"><div class=\"wpr-grid-media-hover-middle elementor-clearfix\"><div class=\"wpr-grid-item-lightbox elementor-repeater-item-f800e4b wpr-grid-item-display-block wpr-grid-item-align-center wpr-element-fade-in wpr-anim-size-large wpr-anim-timing-ease-default wpr-anim-transparency\"><div class=\"inner-block\"><span data-src=\"https:\/\/museovietri.it\/wp-content\/uploads\/2026\/05\/VieOCitri-di-Pz-Ex-Orat.S.Giov_.-E-1042-maggio-72.webp\"><i class=\"fas fa-search\"><\/i><\/span><div class=\"wpr-grid-lightbox-overlay\"><\/div><\/div><\/div><\/div><\/div><\/div><\/div><\/div><\/div><\/div><\/article><article class=\"wpr-grid-item elementor-clearfix post-1352 attachment type-attachment status-inherit hentry\"><div class=\"wpr-grid-item-inner\"><div class=\"wpr-grid-media-wrap wpr-effect-size-small \"><div class=\"wpr-grid-image-wrap\" data-src=\"https:\/\/museovietri.it\/wp-content\/uploads\/2026\/05\/VieOCitri-di-Pz-Ex-Orat.S.Giov_.-E-1964-nov.-72.webp\"><img decoding=\"async\" src=\"https:\/\/museovietri.it\/wp-content\/uploads\/elementor\/thumbs\/VieOCitri-di-Pz-Ex-Orat.S.Giov_.-E-1964-nov.-72-ro0o42umgwsyqf0yst1iukmnr2pwdj7nnzpk8u9sw8.webp\" alt=\"Vie\u00d4\u00c7\u00ectri di Pz Ex Orat.S.Giov. E 1964 nov. &#8217;72\" class=\"wpr-anim-timing-ease-default\"><\/div><div class=\"wpr-grid-media-hover wpr-animation-wrap\"><div class=\"wpr-grid-media-hover-bg  wpr-overlay-fade-in wpr-anim-size-large wpr-anim-timing-ease-default wpr-anim-transparency\" data-url=\"https:\/\/museovietri.it\/?attachment_id=1352\"><\/div><div class=\"wpr-cv-container\"><div class=\"wpr-cv-outer\"><div class=\"wpr-cv-inner\"><div class=\"wpr-grid-media-hover-middle elementor-clearfix\"><div class=\"wpr-grid-item-lightbox elementor-repeater-item-f800e4b wpr-grid-item-display-block wpr-grid-item-align-center wpr-element-fade-in wpr-anim-size-large wpr-anim-timing-ease-default wpr-anim-transparency\"><div class=\"inner-block\"><span data-src=\"https:\/\/museovietri.it\/wp-content\/uploads\/2026\/05\/VieOCitri-di-Pz-Ex-Orat.S.Giov_.-E-1964-nov.-72.webp\"><i class=\"fas fa-search\"><\/i><\/span><div class=\"wpr-grid-lightbox-overlay\"><\/div><\/div><\/div><\/div><\/div><\/div><\/div><\/div><\/div><\/div><\/article><article class=\"wpr-grid-item elementor-clearfix post-1353 attachment type-attachment status-inherit hentry\"><div class=\"wpr-grid-item-inner\"><div class=\"wpr-grid-media-wrap wpr-effect-size-small \"><div class=\"wpr-grid-image-wrap\" data-src=\"https:\/\/museovietri.it\/wp-content\/uploads\/2026\/05\/VieOCitri-di-Pz-Ex-Orat.S.Giov_.-E-55221-sett.-87-prima-rest.-nctn-00133279.webp\"><img decoding=\"async\" src=\"https:\/\/museovietri.it\/wp-content\/uploads\/elementor\/thumbs\/VieOCitri-di-Pz-Ex-Orat.S.Giov_.-E-55221-sett.-87-prima-rest.-nctn-00133279-ro0o43sgnqu920zlnbg5f2e4cgl9l8be04d1q48eq0.webp\" alt=\"Vie\u00d4\u00c7\u00ectri di Pz Ex Orat.S.Giov. E 55221 sett. &#8217;87 (prima rest.) nctn 00133279\" class=\"wpr-anim-timing-ease-default\"><\/div><div class=\"wpr-grid-media-hover wpr-animation-wrap\"><div class=\"wpr-grid-media-hover-bg  wpr-overlay-fade-in wpr-anim-size-large wpr-anim-timing-ease-default wpr-anim-transparency\" data-url=\"https:\/\/museovietri.it\/?attachment_id=1353\"><\/div><div class=\"wpr-cv-container\"><div class=\"wpr-cv-outer\"><div class=\"wpr-cv-inner\"><div class=\"wpr-grid-media-hover-middle elementor-clearfix\"><div class=\"wpr-grid-item-lightbox elementor-repeater-item-f800e4b wpr-grid-item-display-block wpr-grid-item-align-center wpr-element-fade-in wpr-anim-size-large wpr-anim-timing-ease-default wpr-anim-transparency\"><div class=\"inner-block\"><span data-src=\"https:\/\/museovietri.it\/wp-content\/uploads\/2026\/05\/VieOCitri-di-Pz-Ex-Orat.S.Giov_.-E-55221-sett.-87-prima-rest.-nctn-00133279.webp\"><i class=\"fas fa-search\"><\/i><\/span><div class=\"wpr-grid-lightbox-overlay\"><\/div><\/div><\/div><\/div><\/div><\/div><\/div><\/div><\/div><\/div><\/article><\/section>\t\t\t\t<\/div>\n\t\t\t\t\t<\/div>\n\t\t\t\t<\/div>\n\t\t\t\t<\/div>\n\t\t","protected":false},"excerpt":{"rendered":"<p>Sala degli Affreschi SALA DEGLI AFFRESCHI La Sala degli Affreschi custodisce una delle testimonianze pi\u00f9 preziose della storia artistica e religiosa di Vietri di Potenza. Le pitture murali, databili tra l\u2019XI e il XII secolo, raccontano la devozione, la cultura figurativa e la spiritualit\u00e0 del territorio in epoca medievale. Attraverso volti, colori e frammenti pittorici, il visitatore entra in contatto con un patrimonio raro e delicato, capace di restituire la memoria di luoghi sacri, comunit\u00e0 e tradizioni che hanno attraversato i secoli. Le Opere La Sala degli Affreschi racconta una delle testimonianze pi\u00f9 preziose della storia artistica e religiosa di Vietri di Potenza: gli affreschi provenienti dall\u2019antica chiesa di\u00a0San Giovanni, un tempo situata nel centro storico e oggi in rovina. In origine, queste pitture decoravano\u00a0due absidi laterali della parete orientale\u00a0e una\u00a0nicchia della parete meridionale. Gran parte della decorazione \u00e8 andata perduta nel tempo, ma i frammenti superstiti conservano ancora una straordinaria forza espressiva e permettono di leggere una pagina importante della Basilicata medievale. Gli affreschi appartengono a un contesto artistico legato alla tradizione\u00a0italo-greca, bizantina e campano-beneventana, sviluppatasi tra Benevento, Montecassino e il Mezzogiorno altomedievale. Le figure sacre, i gesti di benedizione, le iscrizioni greche, i volti allungati e gli sguardi fissi raccontano un mondo spirituale in cui l\u2019immagine non aveva solo funzione decorativa, ma diventava presenza, racconto e devozione. La sala accompagna il visitatore alla scoperta dei frammenti principali:\u00a0San Pietro, la\u00a0Majestas Domini,\u00a0San Giovanni\u00a0e il\u00a0Santo Martire. Ogni opera conserva dettagli significativi: il gesto benedicente, il rotolo della parola sacra, il pallio rosso degli apostoli, la croce del martire, le tracce di iscrizioni greche e gli elementi decorativi che rimandano alla cultura figurativa medievale. Attraverso gli Affreschi si pu\u00f2 osservare da vicino ci\u00f2 che resta di un antico ciclo pittorico e di comprendere il legame tra arte, fede, territorio e vie di comunicazione. Vietri, infatti, si trovava in una posizione strategica, lungo una rete di percorsi che collegavano villaggi, monasteri e citt\u00e0 della Basilicata medievale Immagini del restauro Approfondimenti storici Materiali didattici<\/p>\n","protected":false},"author":1,"featured_media":0,"parent":0,"menu_order":0,"comment_status":"closed","ping_status":"closed","template":"elementor_canvas","meta":{"footnotes":""},"class_list":["post-1289","page","type-page","status-publish","hentry"],"_links":{"self":[{"href":"https:\/\/museovietri.it\/index.php?rest_route=\/wp\/v2\/pages\/1289","targetHints":{"allow":["GET"]}}],"collection":[{"href":"https:\/\/museovietri.it\/index.php?rest_route=\/wp\/v2\/pages"}],"about":[{"href":"https:\/\/museovietri.it\/index.php?rest_route=\/wp\/v2\/types\/page"}],"author":[{"embeddable":true,"href":"https:\/\/museovietri.it\/index.php?rest_route=\/wp\/v2\/users\/1"}],"replies":[{"embeddable":true,"href":"https:\/\/museovietri.it\/index.php?rest_route=%2Fwp%2Fv2%2Fcomments&post=1289"}],"version-history":[{"count":22,"href":"https:\/\/museovietri.it\/index.php?rest_route=\/wp\/v2\/pages\/1289\/revisions"}],"predecessor-version":[{"id":1575,"href":"https:\/\/museovietri.it\/index.php?rest_route=\/wp\/v2\/pages\/1289\/revisions\/1575"}],"wp:attachment":[{"href":"https:\/\/museovietri.it\/index.php?rest_route=%2Fwp%2Fv2%2Fmedia&parent=1289"}],"curies":[{"name":"wp","href":"https:\/\/api.w.org\/{rel}","templated":true}]}}