{"id":1240,"date":"2026-05-14T09:43:20","date_gmt":"2026-05-14T09:43:20","guid":{"rendered":"https:\/\/museovietri.it\/?page_id=1240"},"modified":"2026-05-14T10:01:05","modified_gmt":"2026-05-14T10:01:05","slug":"palazzo-renzi","status":"publish","type":"page","link":"https:\/\/museovietri.it\/?page_id=1240","title":{"rendered":"Palazzo Renzi"},"content":{"rendered":"<p class=\"attachment\"><a href='https:\/\/museovietri.it\/wp-content\/uploads\/2026\/05\/IMG_5820-2.webp'><img fetchpriority=\"high\" decoding=\"async\" width=\"300\" height=\"200\" src=\"https:\/\/museovietri.it\/wp-content\/uploads\/2026\/05\/IMG_5820-2-300x200.webp\" class=\"attachment-medium size-medium\" alt=\"\" srcset=\"https:\/\/museovietri.it\/wp-content\/uploads\/2026\/05\/IMG_5820-2-300x200.webp 300w, https:\/\/museovietri.it\/wp-content\/uploads\/2026\/05\/IMG_5820-2-1024x683.webp 1024w, https:\/\/museovietri.it\/wp-content\/uploads\/2026\/05\/IMG_5820-2-768x512.webp 768w, https:\/\/museovietri.it\/wp-content\/uploads\/2026\/05\/IMG_5820-2.webp 1350w\" sizes=\"(max-width: 300px) 100vw, 300px\" \/><\/a><\/p>\n\t\t<div data-elementor-type=\"wp-page\" data-elementor-id=\"1240\" class=\"elementor elementor-1240\">\n\t\t\t\t\t\t<section class=\"elementor-section elementor-top-section elementor-element elementor-element-6f65562 elementor-section-height-min-height elementor-section-boxed elementor-section-height-default elementor-section-items-middle wpr-particle-no wpr-jarallax-no wpr-parallax-no wpr-sticky-section-no wpr-column-slider-no wpr-equal-height-no\" data-id=\"6f65562\" data-element_type=\"section\" data-e-type=\"section\" data-settings=\"{&quot;background_background&quot;:&quot;classic&quot;,&quot;shape_divider_bottom&quot;:&quot;opacity-tilt&quot;}\">\n\t\t\t\t\t\t\t<div class=\"elementor-background-overlay\"><\/div>\n\t\t\t\t\t\t<div class=\"elementor-shape elementor-shape-bottom\" aria-hidden=\"true\" data-negative=\"false\">\n\t\t\t<svg xmlns=\"http:\/\/www.w3.org\/2000\/svg\" viewBox=\"0 0 2600 131.1\" preserveAspectRatio=\"none\">\n\t<path class=\"elementor-shape-fill\" d=\"M0 0L2600 0 2600 69.1 0 0z\"\/>\n\t<path class=\"elementor-shape-fill\" style=\"opacity:0.5\" d=\"M0 0L2600 0 2600 69.1 0 69.1z\"\/>\n\t<path class=\"elementor-shape-fill\" style=\"opacity:0.25\" d=\"M2600 0L0 0 0 130.1 2600 69.1z\"\/>\n<\/svg>\t\t<\/div>\n\t\t\t\t\t<div class=\"elementor-container elementor-column-gap-default\">\n\t\t\t\t\t<div class=\"elementor-column elementor-col-100 elementor-top-column elementor-element elementor-element-043b924\" data-id=\"043b924\" data-element_type=\"column\" data-e-type=\"column\">\n\t\t\t<div class=\"elementor-widget-wrap elementor-element-populated\">\n\t\t\t\t\t\t<div class=\"elementor-element elementor-element-a78defa elementor-widget elementor-widget-heading\" data-id=\"a78defa\" data-element_type=\"widget\" data-e-type=\"widget\" data-widget_type=\"heading.default\">\n\t\t\t\t\t<h2 class=\"elementor-heading-title elementor-size-default\">Palazzo Renzi<\/h2>\t\t\t\t<\/div>\n\t\t\t\t<div class=\"elementor-element elementor-element-d72820d elementor-widget-divider--view-line elementor-widget elementor-widget-divider\" data-id=\"d72820d\" data-element_type=\"widget\" data-e-type=\"widget\" data-widget_type=\"divider.default\">\n\t\t\t\t\t\t\t<div class=\"elementor-divider\">\n\t\t\t<span class=\"elementor-divider-separator\">\n\t\t\t\t\t\t<\/span>\n\t\t<\/div>\n\t\t\t\t\t\t<\/div>\n\t\t\t\t\t<\/div>\n\t\t<\/div>\n\t\t\t\t\t<\/div>\n\t\t<\/section>\n\t\t\t\t<section class=\"elementor-section elementor-top-section elementor-element elementor-element-9b55242 elementor-section-boxed elementor-section-height-default elementor-section-height-default wpr-particle-no wpr-jarallax-no wpr-parallax-no wpr-sticky-section-no wpr-column-slider-no wpr-equal-height-no\" data-id=\"9b55242\" data-element_type=\"section\" data-e-type=\"section\">\n\t\t\t\t\t\t<div class=\"elementor-container elementor-column-gap-default\">\n\t\t\t\t\t<div class=\"elementor-column elementor-col-33 elementor-top-column elementor-element elementor-element-1aebef8\" data-id=\"1aebef8\" data-element_type=\"column\" data-e-type=\"column\">\n\t\t\t<div class=\"elementor-widget-wrap elementor-element-populated\">\n\t\t\t\t\t\t<div class=\"elementor-element elementor-element-9bedfb6 elementor-widget elementor-widget-heading\" data-id=\"9bedfb6\" data-element_type=\"widget\" data-e-type=\"widget\" data-widget_type=\"heading.default\">\n\t\t\t\t\t<h2 class=\"elementor-heading-title elementor-size-default\">Palazzo Renzi<\/h2>\t\t\t\t<\/div>\n\t\t\t\t\t<\/div>\n\t\t<\/div>\n\t\t\t\t<div class=\"elementor-column elementor-col-33 elementor-top-column elementor-element elementor-element-a775760\" data-id=\"a775760\" data-element_type=\"column\" data-e-type=\"column\">\n\t\t\t<div class=\"elementor-widget-wrap elementor-element-populated\">\n\t\t\t\t\t\t<div class=\"elementor-element elementor-element-49e6706 elementor-widget elementor-widget-text-editor\" data-id=\"49e6706\" data-element_type=\"widget\" data-e-type=\"widget\" data-widget_type=\"text-editor.default\">\n\t\t\t\t\t\t\t\t\t<p>Palazzo Renzi \u00e8 uno degli edifici storici pi\u00f9 significativi del centro antico di Vietri di Potenza. Le sue origini vengono fatte risalire ai primi anni del XVIII secolo, probabilmente in seguito ai danni causati dal terremoto del 1694 a un edificio preesistente. La sua importanza \u00e8 attestata gi\u00e0 nel Catasto Onciario del 1745, dove compaiono membri della famiglia Rienzi proprietari di \u201ccase palazziate\u201d, una delle quali ubicata nella contrada Forno Grande e un\u2019altra nei pressi della Chiesa.<\/p>\t\t\t\t\t\t\t\t<\/div>\n\t\t\t\t\t<\/div>\n\t\t<\/div>\n\t\t\t\t<div class=\"elementor-column elementor-col-33 elementor-top-column elementor-element elementor-element-1fd7395\" data-id=\"1fd7395\" data-element_type=\"column\" data-e-type=\"column\">\n\t\t\t<div class=\"elementor-widget-wrap elementor-element-populated\">\n\t\t\t\t\t\t<div class=\"elementor-element elementor-element-ba4d7a0 elementor-widget elementor-widget-text-editor\" data-id=\"ba4d7a0\" data-element_type=\"widget\" data-e-type=\"widget\" data-widget_type=\"text-editor.default\">\n\t\t\t\t\t\t\t\t\t<p>Alcuni dettagli architettonici conservano ancora oggi tracce della storia familiare del palazzo: al secondo piano, due ringhiere in ferro battuto recano il monogramma \u201cGR\u201d, riconducibile con ogni probabilit\u00e0 a un esponente della famiglia Renzi\/Rienzi. Nel corso del tempo la propriet\u00e0 venne frazionata e trasformata, fino a quando una parte dell\u2019edificio, comprendente il secondo piano e alcuni locali al piano terra, pass\u00f2 al Comune di Vietri di Potenza, che vi trasfer\u00ec la propria sede e i propri uffici.<\/p>\t\t\t\t\t\t\t\t<\/div>\n\t\t\t\t\t<\/div>\n\t\t<\/div>\n\t\t\t\t\t<\/div>\n\t\t<\/section>\n\t\t\t\t<section class=\"elementor-section elementor-top-section elementor-element elementor-element-aa1905f elementor-section-boxed elementor-section-height-default elementor-section-height-default wpr-particle-no wpr-jarallax-no wpr-parallax-no wpr-sticky-section-no wpr-column-slider-no wpr-equal-height-no\" data-id=\"aa1905f\" data-element_type=\"section\" data-e-type=\"section\" data-settings=\"{&quot;background_background&quot;:&quot;classic&quot;}\">\n\t\t\t\t\t\t<div class=\"elementor-container elementor-column-gap-default\">\n\t\t\t\t\t<div class=\"elementor-column elementor-col-50 elementor-top-column elementor-element elementor-element-f6db414\" data-id=\"f6db414\" data-element_type=\"column\" data-e-type=\"column\">\n\t\t\t<div class=\"elementor-widget-wrap elementor-element-populated\">\n\t\t\t\t\t\t<div class=\"elementor-element elementor-element-fc84983 elementor-widget__width-initial elementor-widget elementor-widget-image\" data-id=\"fc84983\" data-element_type=\"widget\" data-e-type=\"widget\" data-widget_type=\"image.default\">\n\t\t\t\t\t\t\t\t\t\t\t\t\t\t\t<img decoding=\"async\" width=\"697\" height=\"346\" src=\"https:\/\/museovietri.it\/wp-content\/uploads\/2026\/05\/Prospetto-palazzo-Renzi-e1778752556842.png\" class=\"attachment-full size-full wp-image-1244\" alt=\"\" srcset=\"https:\/\/museovietri.it\/wp-content\/uploads\/2026\/05\/Prospetto-palazzo-Renzi-e1778752556842.png 697w, https:\/\/museovietri.it\/wp-content\/uploads\/2026\/05\/Prospetto-palazzo-Renzi-e1778752556842-300x149.png 300w\" sizes=\"(max-width: 697px) 100vw, 697px\" \/>\t\t\t\t\t\t\t\t\t\t\t\t\t\t\t<\/div>\n\t\t\t\t\t<\/div>\n\t\t<\/div>\n\t\t\t\t<div class=\"elementor-column elementor-col-50 elementor-top-column elementor-element elementor-element-d35ccda\" data-id=\"d35ccda\" data-element_type=\"column\" data-e-type=\"column\">\n\t\t\t<div class=\"elementor-widget-wrap elementor-element-populated\">\n\t\t\t\t\t\t<div class=\"elementor-element elementor-element-88b9c40 elementor-widget elementor-widget-heading\" data-id=\"88b9c40\" data-element_type=\"widget\" data-e-type=\"widget\" data-widget_type=\"heading.default\">\n\t\t\t\t\t<h2 class=\"elementor-heading-title elementor-size-default\">Il Progetto<\/h2>\t\t\t\t<\/div>\n\t\t\t\t<div class=\"elementor-element elementor-element-187982a elementor-widget-divider--view-line elementor-widget elementor-widget-divider\" data-id=\"187982a\" data-element_type=\"widget\" data-e-type=\"widget\" data-widget_type=\"divider.default\">\n\t\t\t\t\t\t\t<div class=\"elementor-divider\">\n\t\t\t<span class=\"elementor-divider-separator\">\n\t\t\t\t\t\t<\/span>\n\t\t<\/div>\n\t\t\t\t\t\t<\/div>\n\t\t\t\t<div class=\"elementor-element elementor-element-9e3d9c9 elementor-widget elementor-widget-text-editor\" data-id=\"9e3d9c9\" data-element_type=\"widget\" data-e-type=\"widget\" data-widget_type=\"text-editor.default\">\n\t\t\t\t\t\t\t\t\t<p data-start=\"1372\" data-end=\"1770\">Per molti anni Palazzo Renzi non \u00e8 stato\u00a0 solo una dimora storica, ma anche un luogo della vita pubblica cittadina. Ha ospitato gli uffici municipali e ha rappresentato uno spazio quotidiano di relazione tra istituzioni e comunit\u00e0. Dopo un periodo di abbandono, l\u2019edificio \u00e8 stato interessato da interventi di consolidamento e restauro, con l\u2019obiettivo di restituirlo alla fruizione pubblica.<\/p><p data-start=\"1772\" data-end=\"2253\">La scelta di collocare qui il museo non \u00e8 casuale. Palazzo Renzi \u00e8 un edificio di interesse storico-architettonico e si trova in un contesto urbano di grande valore, tra Piazza del Popolo, Via Roma e Vico del Popolo, nelle vicinanze della Chiesa Madre di San Nicola, del Palazzo Ducale e della Torre dell\u2019Orologio. La sua posizione nel cuore del centro storico lo rende il punto ideale da cui iniziare un percorso di scoperta della storia, della memoria e del territorio di Vietri.<\/p><p data-start=\"2255\" data-end=\"2799\">Il museo nasce dunque dentro un luogo che \u00e8 esso stesso parte del racconto: non un semplice contenitore, ma un frammento vivo della storia cittadina. Le sale del Palazzo accolgono:il percorso multimediale dedicato a Vietri, alla sua archeologia, agli affreschi, all\u2019antico orologio e alla memoria documentaria del paese. In questo modo Palazzo Renzi diventa una porta d\u2019accesso alla storia locale: uno spazio in cui il passato dell\u2019edificio incontra le nuove tecnologie e si trasforma in esperienza culturale per cittadini, visitatori e scuole.<\/p>\t\t\t\t\t\t\t\t<\/div>\n\t\t\t\t<div class=\"elementor-element elementor-element-50903d9 elementor-icon-list--layout-traditional elementor-list-item-link-full_width elementor-widget elementor-widget-icon-list\" data-id=\"50903d9\" data-element_type=\"widget\" data-e-type=\"widget\" data-widget_type=\"icon-list.default\">\n\t\t\t\t\t\t\t<ul class=\"elementor-icon-list-items\">\n\t\t\t\t\t\t\t<li class=\"elementor-icon-list-item\">\n\t\t\t\t\t\t\t\t\t\t\t<span class=\"elementor-icon-list-icon\">\n\t\t\t\t\t\t\t<svg aria-hidden=\"true\" class=\"e-font-icon-svg e-fas-check\" viewBox=\"0 0 512 512\" xmlns=\"http:\/\/www.w3.org\/2000\/svg\"><path d=\"M173.898 439.404l-166.4-166.4c-9.997-9.997-9.997-26.206 0-36.204l36.203-36.204c9.997-9.998 26.207-9.998 36.204 0L192 312.69 432.095 72.596c9.997-9.997 26.207-9.997 36.204 0l36.203 36.204c9.997 9.997 9.997 26.206 0 36.204l-294.4 294.401c-9.998 9.997-26.207 9.997-36.204-.001z\"><\/path><\/svg>\t\t\t\t\t\t<\/span>\n\t\t\t\t\t\t\t\t\t\t<span class=\"elementor-icon-list-text\">Il percorso multimediale<\/span>\n\t\t\t\t\t\t\t\t\t<\/li>\n\t\t\t\t\t\t\t\t<li class=\"elementor-icon-list-item\">\n\t\t\t\t\t\t\t\t\t\t\t<span class=\"elementor-icon-list-icon\">\n\t\t\t\t\t\t\t<svg aria-hidden=\"true\" class=\"e-font-icon-svg e-fas-check\" viewBox=\"0 0 512 512\" xmlns=\"http:\/\/www.w3.org\/2000\/svg\"><path d=\"M173.898 439.404l-166.4-166.4c-9.997-9.997-9.997-26.206 0-36.204l36.203-36.204c9.997-9.998 26.207-9.998 36.204 0L192 312.69 432.095 72.596c9.997-9.997 26.207-9.997 36.204 0l36.203 36.204c9.997 9.997 9.997 26.206 0 36.204l-294.4 294.401c-9.998 9.997-26.207 9.997-36.204-.001z\"><\/path><\/svg>\t\t\t\t\t\t<\/span>\n\t\t\t\t\t\t\t\t\t\t<span class=\"elementor-icon-list-text\">Interviste<\/span>\n\t\t\t\t\t\t\t\t\t<\/li>\n\t\t\t\t\t\t\t\t<li class=\"elementor-icon-list-item\">\n\t\t\t\t\t\t\t\t\t\t\t<span class=\"elementor-icon-list-icon\">\n\t\t\t\t\t\t\t<svg aria-hidden=\"true\" class=\"e-font-icon-svg e-fas-check\" viewBox=\"0 0 512 512\" xmlns=\"http:\/\/www.w3.org\/2000\/svg\"><path d=\"M173.898 439.404l-166.4-166.4c-9.997-9.997-9.997-26.206 0-36.204l36.203-36.204c9.997-9.998 26.207-9.998 36.204 0L192 312.69 432.095 72.596c9.997-9.997 26.207-9.997 36.204 0l36.203 36.204c9.997 9.997 9.997 26.206 0 36.204l-294.4 294.401c-9.998 9.997-26.207 9.997-36.204-.001z\"><\/path><\/svg>\t\t\t\t\t\t<\/span>\n\t\t\t\t\t\t\t\t\t\t<span class=\"elementor-icon-list-text\">Approfondimenti storici<\/span>\n\t\t\t\t\t\t\t\t\t<\/li>\n\t\t\t\t\t\t\t\t<li class=\"elementor-icon-list-item\">\n\t\t\t\t\t\t\t\t\t\t\t<span class=\"elementor-icon-list-icon\">\n\t\t\t\t\t\t\t<svg aria-hidden=\"true\" class=\"e-font-icon-svg e-fas-check\" viewBox=\"0 0 512 512\" xmlns=\"http:\/\/www.w3.org\/2000\/svg\"><path d=\"M173.898 439.404l-166.4-166.4c-9.997-9.997-9.997-26.206 0-36.204l36.203-36.204c9.997-9.998 26.207-9.998 36.204 0L192 312.69 432.095 72.596c9.997-9.997 26.207-9.997 36.204 0l36.203 36.204c9.997 9.997 9.997 26.206 0 36.204l-294.4 294.401c-9.998 9.997-26.207 9.997-36.204-.001z\"><\/path><\/svg>\t\t\t\t\t\t<\/span>\n\t\t\t\t\t\t\t\t\t\t<span class=\"elementor-icon-list-text\">Materiali didattici<\/span>\n\t\t\t\t\t\t\t\t\t<\/li>\n\t\t\t\t\t\t<\/ul>\n\t\t\t\t\t\t<\/div>\n\t\t\t\t\t<\/div>\n\t\t<\/div>\n\t\t\t\t\t<\/div>\n\t\t<\/section>\n\t\t<div class=\"elementor-element elementor-element-66d2fcd3 elementor-hidden-desktop elementor-hidden-tablet elementor-hidden-mobile e-flex e-con-boxed wpr-particle-no wpr-jarallax-no wpr-parallax-no wpr-sticky-section-no wpr-column-slider-no wpr-equal-height-no e-con e-parent\" data-id=\"66d2fcd3\" data-element_type=\"container\" data-e-type=\"container\">\n\t\t\t\t\t<div class=\"e-con-inner\">\n\t\t\t\t<div class=\"elementor-element elementor-element-6faacc4d wpr-grid-columns-4 wpr-grid-columns--tablet3 wpr-grid-columns--mobile1 wpr-grid-pagination-center elementor-widget elementor-widget-wpr-media-grid\" data-id=\"6faacc4d\" data-element_type=\"widget\" data-e-type=\"widget\" data-widget_type=\"wpr-media-grid.default\">\n\t\t\t\t\t<section class=\"wpr-grid wpr-media-grid elementor-clearfix\" data-settings=\"{&quot;layout&quot;:&quot;fitRows&quot;,&quot;columns_desktop&quot;:4,&quot;gutter_hr&quot;:10,&quot;gutter_hr_mobile&quot;:10,&quot;gutter_hr_mobile_extra&quot;:10,&quot;gutter_hr_tablet&quot;:10,&quot;gutter_hr_tablet_extra&quot;:10,&quot;gutter_hr_laptop&quot;:10,&quot;gutter_hr_widescreen&quot;:10,&quot;gutter_vr&quot;:10,&quot;gutter_vr_mobile&quot;:10,&quot;gutter_vr_mobile_extra&quot;:10,&quot;gutter_vr_tablet&quot;:10,&quot;gutter_vr_tablet_extra&quot;:10,&quot;gutter_vr_laptop&quot;:10,&quot;gutter_vr_widescreen&quot;:10,&quot;animation&quot;:&quot;default&quot;,&quot;animation_duration&quot;:0.299999999999999988897769753748434595763683319091796875,&quot;animation_delay&quot;:0.1000000000000000055511151231257827021181583404541015625,&quot;deeplinking&quot;:&quot;&quot;,&quot;filters_default_filter&quot;:&quot;&quot;,&quot;filters_linkable&quot;:&quot;no&quot;,&quot;filters_count&quot;:&quot;&quot;,&quot;filters_hide_empty&quot;:&quot;no&quot;,&quot;filters_animation&quot;:&quot;default&quot;,&quot;filters_animation_duration&quot;:0.299999999999999988897769753748434595763683319091796875,&quot;filters_animation_delay&quot;:0.1000000000000000055511151231257827021181583404541015625,&quot;pagination_type&quot;:&quot;load-more&quot;,&quot;pagination_max_pages&quot;:1,&quot;lightbox&quot;:{&quot;selector&quot;:&quot;.wpr-grid-image-wrap&quot;,&quot;iframeMaxWidth&quot;:&quot;60%&quot;,&quot;hash&quot;:false,&quot;autoplay&quot;:&quot;true&quot;,&quot;pause&quot;:5000,&quot;progressBar&quot;:&quot;true&quot;,&quot;counter&quot;:&quot;true&quot;,&quot;controls&quot;:&quot;true&quot;,&quot;getCaptionFromTitleOrAlt&quot;:&quot;true&quot;,&quot;thumbnail&quot;:&quot;&quot;,&quot;showThumbByDefault&quot;:&quot;&quot;,&quot;share&quot;:&quot;&quot;,&quot;zoom&quot;:&quot;true&quot;,&quot;fullScreen&quot;:&quot;true&quot;,&quot;download&quot;:&quot;true&quot;}}\"><article class=\"wpr-grid-item elementor-clearfix post-1141 attachment type-attachment status-inherit hentry\"><div class=\"wpr-grid-item-inner\"><div class=\"wpr-grid-media-wrap wpr-effect-size-small \"><div class=\"wpr-grid-image-wrap\" data-src=\"https:\/\/museovietri.it\/wp-content\/uploads\/2026\/05\/IMG_5819-2.webp\"><img decoding=\"async\" src=\"https:\/\/museovietri.it\/wp-content\/uploads\/elementor\/thumbs\/IMG_5819-2-rneczs7f8o1undqzat2zfzn8a5qt6iei9exkoctkeg.webp\" alt=\"IMG_5819 (2)\" class=\"wpr-anim-timing-ease-default\"><\/div><div class=\"wpr-grid-media-hover wpr-animation-wrap\"><div class=\"wpr-grid-media-hover-bg  wpr-overlay-fade-in wpr-anim-size-large wpr-anim-timing-ease-default wpr-anim-transparency\" data-url=\"https:\/\/museovietri.it\/?attachment_id=1141\"><\/div><div class=\"wpr-cv-container\"><div class=\"wpr-cv-outer\"><div class=\"wpr-cv-inner\"><div class=\"wpr-grid-media-hover-middle elementor-clearfix\"><div class=\"wpr-grid-item-lightbox elementor-repeater-item-f800e4b wpr-grid-item-display-block wpr-grid-item-align-center wpr-element-fade-in wpr-anim-size-large wpr-anim-timing-ease-default wpr-anim-transparency\"><div class=\"inner-block\"><span data-src=\"https:\/\/museovietri.it\/wp-content\/uploads\/2026\/05\/IMG_5819-2.webp\"><i class=\"fas fa-search\"><\/i><\/span><div class=\"wpr-grid-lightbox-overlay\"><\/div><\/div><\/div><h2 class=\"wpr-grid-item-title elementor-repeater-item-3f235eb wpr-grid-item-display-block wpr-grid-item-align-center wpr-element-fade-in wpr-anim-size-large wpr-anim-timing-ease-default wpr-anim-transparency wpr-pointer-none wpr-pointer-line-fx wpr-pointer-fx-fade\"><div class=\"inner-block\"><a  href=\"https:\/\/museovietri.it\/?attachment_id=1141\">IMG_5819 (2)<\/a><\/div><\/h2><\/div><\/div><\/div><\/div><\/div><\/div><\/div><\/article><article class=\"wpr-grid-item elementor-clearfix post-1142 attachment type-attachment status-inherit hentry\"><div class=\"wpr-grid-item-inner\"><div class=\"wpr-grid-media-wrap wpr-effect-size-small \"><div class=\"wpr-grid-image-wrap\" data-src=\"https:\/\/museovietri.it\/wp-content\/uploads\/2026\/05\/IMG_5820-2.webp\"><img decoding=\"async\" src=\"https:\/\/museovietri.it\/wp-content\/uploads\/elementor\/thumbs\/IMG_5820-2-rneczu33mc4falo8ztw8kz65gxhjlwlyxo8jmwqs20.webp\" alt=\"IMG_5820 (2)\" class=\"wpr-anim-timing-ease-default\"><\/div><div class=\"wpr-grid-media-hover wpr-animation-wrap\"><div class=\"wpr-grid-media-hover-bg  wpr-overlay-fade-in wpr-anim-size-large wpr-anim-timing-ease-default wpr-anim-transparency\" data-url=\"https:\/\/museovietri.it\/?attachment_id=1142\"><\/div><div class=\"wpr-cv-container\"><div class=\"wpr-cv-outer\"><div class=\"wpr-cv-inner\"><div class=\"wpr-grid-media-hover-middle elementor-clearfix\"><div class=\"wpr-grid-item-lightbox elementor-repeater-item-f800e4b wpr-grid-item-display-block wpr-grid-item-align-center wpr-element-fade-in wpr-anim-size-large wpr-anim-timing-ease-default wpr-anim-transparency\"><div class=\"inner-block\"><span data-src=\"https:\/\/museovietri.it\/wp-content\/uploads\/2026\/05\/IMG_5820-2.webp\"><i class=\"fas fa-search\"><\/i><\/span><div class=\"wpr-grid-lightbox-overlay\"><\/div><\/div><\/div><h2 class=\"wpr-grid-item-title elementor-repeater-item-3f235eb wpr-grid-item-display-block wpr-grid-item-align-center wpr-element-fade-in wpr-anim-size-large wpr-anim-timing-ease-default wpr-anim-transparency wpr-pointer-none wpr-pointer-line-fx wpr-pointer-fx-fade\"><div class=\"inner-block\"><a  href=\"https:\/\/museovietri.it\/?attachment_id=1142\">IMG_5820 (2)<\/a><\/div><\/h2><\/div><\/div><\/div><\/div><\/div><\/div><\/div><\/article><\/section>\t\t\t\t<\/div>\n\t\t\t\t\t<\/div>\n\t\t\t\t<\/div>\n\t\t\t\t<\/div>\n\t\t","protected":false},"excerpt":{"rendered":"<p>Palazzo Renzi Palazzo Renzi Palazzo Renzi \u00e8 uno degli edifici storici pi\u00f9 significativi del centro antico di Vietri di Potenza. Le sue origini vengono fatte risalire ai primi anni del XVIII secolo, probabilmente in seguito ai danni causati dal terremoto del 1694 a un edificio preesistente. La sua importanza \u00e8 attestata gi\u00e0 nel Catasto Onciario del 1745, dove compaiono membri della famiglia Rienzi proprietari di \u201ccase palazziate\u201d, una delle quali ubicata nella contrada Forno Grande e un\u2019altra nei pressi della Chiesa. Alcuni dettagli architettonici conservano ancora oggi tracce della storia familiare del palazzo: al secondo piano, due ringhiere in ferro battuto recano il monogramma \u201cGR\u201d, riconducibile con ogni probabilit\u00e0 a un esponente della famiglia Renzi\/Rienzi. Nel corso del tempo la propriet\u00e0 venne frazionata e trasformata, fino a quando una parte dell\u2019edificio, comprendente il secondo piano e alcuni locali al piano terra, pass\u00f2 al Comune di Vietri di Potenza, che vi trasfer\u00ec la propria sede e i propri uffici. Il Progetto Per molti anni Palazzo Renzi non \u00e8 stato\u00a0 solo una dimora storica, ma anche un luogo della vita pubblica cittadina. Ha ospitato gli uffici municipali e ha rappresentato uno spazio quotidiano di relazione tra istituzioni e comunit\u00e0. Dopo un periodo di abbandono, l\u2019edificio \u00e8 stato interessato da interventi di consolidamento e restauro, con l\u2019obiettivo di restituirlo alla fruizione pubblica. La scelta di collocare qui il museo non \u00e8 casuale. Palazzo Renzi \u00e8 un edificio di interesse storico-architettonico e si trova in un contesto urbano di grande valore, tra Piazza del Popolo, Via Roma e Vico del Popolo, nelle vicinanze della Chiesa Madre di San Nicola, del Palazzo Ducale e della Torre dell\u2019Orologio. La sua posizione nel cuore del centro storico lo rende il punto ideale da cui iniziare un percorso di scoperta della storia, della memoria e del territorio di Vietri. Il museo nasce dunque dentro un luogo che \u00e8 esso stesso parte del racconto: non un semplice contenitore, ma un frammento vivo della storia cittadina. Le sale del Palazzo accolgono:il percorso multimediale dedicato a Vietri, alla sua archeologia, agli affreschi, all\u2019antico orologio e alla memoria documentaria del paese. In questo modo Palazzo Renzi diventa una porta d\u2019accesso alla storia locale: uno spazio in cui il passato dell\u2019edificio incontra le nuove tecnologie e si trasforma in esperienza culturale per cittadini, visitatori e scuole. Il percorso multimediale Interviste Approfondimenti storici Materiali didattici IMG_5819 (2) IMG_5820 (2)<\/p>\n","protected":false},"author":1,"featured_media":0,"parent":0,"menu_order":0,"comment_status":"closed","ping_status":"closed","template":"elementor_canvas","meta":{"footnotes":""},"class_list":["post-1240","page","type-page","status-publish","hentry"],"_links":{"self":[{"href":"https:\/\/museovietri.it\/index.php?rest_route=\/wp\/v2\/pages\/1240","targetHints":{"allow":["GET"]}}],"collection":[{"href":"https:\/\/museovietri.it\/index.php?rest_route=\/wp\/v2\/pages"}],"about":[{"href":"https:\/\/museovietri.it\/index.php?rest_route=\/wp\/v2\/types\/page"}],"author":[{"embeddable":true,"href":"https:\/\/museovietri.it\/index.php?rest_route=\/wp\/v2\/users\/1"}],"replies":[{"embeddable":true,"href":"https:\/\/museovietri.it\/index.php?rest_route=%2Fwp%2Fv2%2Fcomments&post=1240"}],"version-history":[{"count":7,"href":"https:\/\/museovietri.it\/index.php?rest_route=\/wp\/v2\/pages\/1240\/revisions"}],"predecessor-version":[{"id":1251,"href":"https:\/\/museovietri.it\/index.php?rest_route=\/wp\/v2\/pages\/1240\/revisions\/1251"}],"wp:attachment":[{"href":"https:\/\/museovietri.it\/index.php?rest_route=%2Fwp%2Fv2%2Fmedia&parent=1240"}],"curies":[{"name":"wp","href":"https:\/\/api.w.org\/{rel}","templated":true}]}}